{"id":6210,"date":"2024-07-28T17:32:56","date_gmt":"2024-07-28T15:32:56","guid":{"rendered":"https:\/\/www.amielpaper.com\/secteur-industriel-et-agroalimenatire\/"},"modified":"2024-09-23T16:38:43","modified_gmt":"2024-09-23T14:38:43","slug":"sector-industrial-y-agroalimentario","status":"publish","type":"page","link":"https:\/\/www.amielpaper.com\/es\/sector-industrial-y-agroalimentario\/","title":{"rendered":"Sector industrial y agroalimentario"},"content":{"rendered":"<div class=\"wpb-content-wrapper\"><p>[vc_row wrap_container=\u00bbyes\u00bb particles_effect=\u00bbyes\u00bb particles_hover_effect=\u00bbbubble\u00bb particles_click_effect=\u00bbrepulse\u00bb css=\u00bb.vc_custom_1722498701849{background-color: #ffffff !important;}\u00bb conditional_render=\u00bb%5B%7B%22value_role%22%3A%22administrator%22%7D%5D\u00bb particles_img=\u00bb15&#8243; el_class=\u00bbpy-5&#8243;][vc_column el_id=\u00bbparticles-row\u00bb conditional_render=\u00bb%5B%7B%22value_role%22%3A%22administrator%22%7D%5D\u00bb][vc_custom_heading text=\u00bbSoluciones ecol\u00f3gicas y reciclables\u00bb font_container=\u00bbtag:p|font_size:1.2em|text_align:center|color:var(&#8211;porto-primary-color)\u00bb use_theme_fonts=\u00bbyes\u00bb css=\u00bb.vc_custom_1724178126381{margin-bottom: -3px !important;}\u00bb font_weight=\u00bb600&#8243; letter_spacing=\u00bb2.5px\u00bb animation_delay=\u00bb100&#8243; animation_type=\u00bbfadeInUp\u00bb][vc_custom_heading text=\u00bbDescubra nuestra gama completa de papeles adaptados<br \/>\na sus aplicaciones industriales y agr\u00edcolas.\u00bb font_container=\u00bbtag:h2|font_size:2.3em|text_align:center|color:%23000000|line_height:42px\u00bb use_theme_fonts=\u00bbyes\u00bb css=\u00bb.vc_custom_1724178158083{margin-bottom: 0px !important;}\u00bb animation_delay=\u00bb200&#8243; el_class=\u00bbw-max-770 mx-auto mb-5&#8243; animation_type=\u00bbfadeInUp\u00bb][vc_empty_space][vc_custom_heading text=\u00bbDescubra nuestra gama completa de papeles adaptados a sus aplicaciones industriales y agr\u00edcolas. En Amiel Paper, comprendemos las necesidades espec\u00edficas de las industrias y nos comprometemos a proporcionar productos de alta calidad que cumplan con sus requisitos de durabilidad, resistencia y respeto por el medio ambiente.\u00bb font_container=\u00bbtag:p|font_size:1.1em|text_align:center|color:%23000000&#8243; use_theme_fonts=\u00bbyes\u00bb css=\u00bb.vc_custom_1724178170556{margin-bottom: 0px !important;}\u00bb animation_delay=\u00bb200&#8243; el_class=\u00bbw-max-770 mx-auto mb-5&#8243; animation_type=\u00bbfadeInUp\u00bb][\/vc_column][\/vc_row][vc_row wrap_container=\u00bbyes\u00bb equal_height=\u00bbyes\u00bb css=\u00bb.vc_custom_1722690068556{padding-top: 70px !important;padding-bottom: 50px !important;background-color: #000000 !important;}\u00bb el_class=\u00bbour-features\u00bb conditional_render=\u00bb%5B%7B%22value_role%22%3A%22administrator%22%7D%5D\u00bb][vc_column][vc_row_inner wrap_container=\u00bbyes\u00bb equal_height=\u00bbyes\u00bb][vc_column_inner width=\u00bb1\/3&#8243;][vc_custom_heading text=\u00bbECOWRAP\u00bb font_container=\u00bbtag:h3|font_size:1.8em|text_align:center|color:var(&#8211;porto-primary-color)|line_height:42px\u00bb use_theme_fonts=\u00bbyes\u00bb css=\u00bb.vc_custom_1722503507098{margin-bottom: 0px !important;}\u00bb animation_delay=\u00bb200&#8243; el_class=\u00bbw-max-770 mx-auto mb-5&#8243; animation_type=\u00bbfadeInUp\u00bb]<div class=\"porto-sicon-box  vc_custom_1724178190213  wpb_custom_74c312c6382c672d88415152636ca045 style_1 left-icon\"><div class=\"porto-sicon-body\"><div class=\"porto-sicon-description\" style=\"color:#ffffff;\">\n<p style=\"text-align: justify;\">EcoWrap es un papel de embalaje ecol\u00f3gico dise\u00f1ado para proteger sus productos mientras reduce su impacto ambiental. Ideal para aplicaciones industriales donde la durabilidad y la protecci\u00f3n son esenciales.<\/p>\n<p><\/div> <!-- description --><\/div><\/div><!-- porto-sicon-box -->[vc_btn title=\u00bbAprender m\u00e1s\u00bb style=\u00bb3d\u00bb shape=\u00bbsquare\u00bb color=\u00bbwhite\u00bb align=\u00bbcenter\u00bb css=\u00bb.vc_custom_1727102068785{margin-bottom: 0px !important;}\u00bb skin=\u00bbsecondary\u00bb link=\u00bburl:https%3A%2F%2Fwww.amielpaper.com%2Fes%2Fsector-industrial-y-agroalimentario%2Fecowrap%2F|title:El%20Ecowrap\u00bb][vc_empty_space][\/vc_column_inner][vc_column_inner width=\u00bb1\/3&#8243;][vc_custom_heading text=\u00bbL&#8217;AIRWRAP\u00bb font_container=\u00bbtag:h3|font_size:1.8em|text_align:center|color:var(&#8211;porto-primary-color)|line_height:42px\u00bb use_theme_fonts=\u00bbyes\u00bb css=\u00bb.vc_custom_1723484503053{margin-bottom: 0px !important;}\u00bb animation_delay=\u00bb200&#8243; el_class=\u00bbw-max-770 mx-auto mb-5&#8243; animation_type=\u00bbfadeInUp\u00bb]<div class=\"porto-sicon-box  vc_custom_1724178222850  wpb_custom_74c312c6382c672d88415152636ca045 style_1 left-icon\"><div class=\"porto-sicon-body\"><div class=\"porto-sicon-description\" style=\"color:#ffffff;\">\n<p style=\"text-align: justify;\">AirWrap ofrece una excelente absorci\u00f3n de golpes y vibraciones, perfecto para proteger art\u00edculos fr\u00e1giles durante el transporte y almacenamiento. Su textura suave asegura una protecci\u00f3n m\u00e1xima sin da\u00f1ar las superficies.<\/p>\n<p><\/div> <!-- description --><\/div><\/div><!-- porto-sicon-box -->[vc_btn title=\u00bbAprender m\u00e1s\u00bb style=\u00bb3d\u00bb shape=\u00bbsquare\u00bb color=\u00bbwhite\u00bb align=\u00bbcenter\u00bb css=\u00bb.vc_custom_1727102080704{margin-bottom: 0px !important;}\u00bb skin=\u00bbsecondary\u00bb link=\u00bburl:https%3A%2F%2Fwww.amielpaper.com%2Fes%2Fsector-industrial-y-agroalimentario%2Fairwrap%2F|title:El%20AirWrap\u00bb][vc_empty_space][\/vc_column_inner][vc_column_inner width=\u00bb1\/3&#8243;][vc_custom_heading text=\u00bbPAPELES KRAFT Y COMPUESTOS\u00bb font_container=\u00bbtag:h3|font_size:1.8em|text_align:center|color:var(&#8211;porto-primary-color)|line_height:42px\u00bb use_theme_fonts=\u00bbyes\u00bb css=\u00bb.vc_custom_1724178277992{margin-bottom: 0px !important;}\u00bb animation_delay=\u00bb200&#8243; el_class=\u00bbw-max-770 mx-auto mb-5&#8243; animation_type=\u00bbfadeInUp\u00bb]<div class=\"porto-sicon-box  vc_custom_1724178288079  wpb_custom_74c312c6382c672d88415152636ca045 style_1 left-icon\"><div class=\"porto-sicon-body\"><div class=\"porto-sicon-description\" style=\"color:#ffffff;\">\n<p style=\"text-align: justify;\">Nuestros papeles kraft y compuestos son fuertes y vers\u00e1tiles, ideales para una variedad de aplicaciones industriales y agr\u00edcolas. Ofrecen una resistencia superior y se pueden utilizar para embalaje, protecci\u00f3n y amortiguaci\u00f3n.<\/p>\n<p><\/div> <!-- description --><\/div><\/div><!-- porto-sicon-box -->[vc_btn title=\u00bbAprender m\u00e1s\u00bb style=\u00bb3d\u00bb shape=\u00bbsquare\u00bb color=\u00bbwhite\u00bb align=\u00bbcenter\u00bb css=\u00bb.vc_custom_1727102103007{margin-bottom: 0px !important;}\u00bb skin=\u00bbsecondary\u00bb link=\u00bburl:https%3A%2F%2Fwww.amielpaper.com%2Fes%2Fsector-industrial-y-agroalimentario%2Fpapeles-kraft-complejos%2F|title:Papeles%20kraft%20y%20complejos\u00bb][vc_empty_space][\/vc_column_inner][\/vc_row_inner][vc_row_inner wrap_container=\u00bbyes\u00bb equal_height=\u00bbyes\u00bb][vc_column_inner width=\u00bb1\/3&#8243;][vc_custom_heading text=\u00bbPAPELES KRAFT REFORZADOS\u00bb font_container=\u00bbtag:h3|font_size:1.8em|text_align:center|color:var(&#8211;porto-primary-color)|line_height:42px\u00bb use_theme_fonts=\u00bbyes\u00bb css=\u00bb.vc_custom_1724178352061{margin-bottom: 0px !important;}\u00bb animation_delay=\u00bb200&#8243; el_class=\u00bbw-max-770 mx-auto mb-5&#8243; animation_type=\u00bbfadeInUp\u00bb]<div class=\"porto-sicon-box  vc_custom_1724178340621  wpb_custom_74c312c6382c672d88415152636ca045 style_1 left-icon\"><div class=\"porto-sicon-body\"><div class=\"porto-sicon-description\" style=\"color:#ffffff;\">\n<p style=\"text-align: justify;\">Este papel kraft est\u00e1 reforzado para ofrecer una mayor durabilidad y resistencia. Perfecto para aplicaciones que requieren protecci\u00f3n adicional y alta fiabilidad.<\/p>\n<p><\/div> <!-- description --><\/div><\/div><!-- porto-sicon-box -->[vc_btn title=\u00bbAprender m\u00e1s\u00bb style=\u00bb3d\u00bb shape=\u00bbsquare\u00bb color=\u00bbwhite\u00bb align=\u00bbcenter\u00bb css=\u00bb.vc_custom_1727102119112{margin-bottom: 0px !important;}\u00bb skin=\u00bbsecondary\u00bb link=\u00bburl:https%3A%2F%2Fwww.amielpaper.com%2Fes%2Fsector-industrial-y-agroalimentario%2Fpapel-kraft-reforzado%2F|title:Papel%20kraft%20reforzado\u00bb][vc_empty_space][\/vc_column_inner][vc_column_inner width=\u00bb1\/3&#8243;][vc_custom_heading text=\u00bbSEPARADOR ANTIDESLIZANTE\u00bb font_container=\u00bbtag:h3|font_size:1.8em|text_align:center|color:var(&#8211;porto-primary-color)|line_height:42px\u00bb use_theme_fonts=\u00bbyes\u00bb css=\u00bb.vc_custom_1727101659690{margin-bottom: 0px !important;}\u00bb animation_delay=\u00bb200&#8243; el_class=\u00bbw-max-770 mx-auto mb-5&#8243; animation_type=\u00bbfadeInUp\u00bb]<div class=\"porto-sicon-box  vc_custom_1724178379238  wpb_custom_74c312c6382c672d88415152636ca045 style_1 left-icon\"><div class=\"porto-sicon-body\"><div class=\"porto-sicon-description\" style=\"color:#ffffff;\">\n<p style=\"text-align: justify;\">Los intercalarios antideslizantes est\u00e1n dise\u00f1ados para mantener los productos en su lugar durante el transporte, reduciendo el riesgo de da\u00f1os. Son especialmente \u00fatiles en entornos industriales din\u00e1micos.<\/p>\n<p><\/div> <!-- description --><\/div><\/div><!-- porto-sicon-box -->[vc_btn title=\u00bbAprender m\u00e1s\u00bb style=\u00bb3d\u00bb shape=\u00bbsquare\u00bb color=\u00bbwhite\u00bb align=\u00bbcenter\u00bb css=\u00bb.vc_custom_1727102131311{margin-bottom: 0px !important;}\u00bb skin=\u00bbsecondary\u00bb link=\u00bburl:https%3A%2F%2Fwww.amielpaper.com%2Fes%2Fsector-industrial-y-agroalimentario%2Fseparador-antideslizante%2F|title:Separador%20antideslizante\u00bb][vc_empty_space][\/vc_column_inner][vc_column_inner width=\u00bb1\/3&#8243;][vc_custom_heading text=\u00bbSEPARADOR PARA GALLETAS\u00bb font_container=\u00bbtag:h3|font_size:1.8em|text_align:center|color:var(&#8211;porto-primary-color)|line_height:42px\u00bb use_theme_fonts=\u00bbyes\u00bb css=\u00bb.vc_custom_1727101716635{margin-bottom: 0px !important;}\u00bb animation_delay=\u00bb200&#8243; el_class=\u00bbw-max-770 mx-auto mb-5&#8243; animation_type=\u00bbfadeInUp\u00bb]<div class=\"porto-sicon-box  vc_custom_1724178409837  wpb_custom_74c312c6382c672d88415152636ca045 style_1 left-icon\"><div class=\"porto-sicon-body\"><div class=\"porto-sicon-description\" style=\"color:#ffffff;\">\n<p style=\"text-align: justify;\">Especialmente dise\u00f1ado para aplicaciones alimentarias, este intercalario ondulado asegura la seguridad e higiene de sus productos mientras ofrece una excelente protecci\u00f3n contra golpes y vibraciones.<\/p>\n<p><\/div> <!-- description --><\/div><\/div><!-- porto-sicon-box -->[vc_btn title=\u00bbAprender m\u00e1s\u00bb style=\u00bb3d\u00bb shape=\u00bbsquare\u00bb color=\u00bbwhite\u00bb align=\u00bbcenter\u00bb css=\u00bb.vc_custom_1727102142183{margin-bottom: 0px !important;}\u00bb skin=\u00bbsecondary\u00bb link=\u00bburl:https%3A%2F%2Fwww.amielpaper.com%2Fes%2Fsector-industrial-y-agroalimentario%2Fseparador-para-galletas%2F|title:Separador%20para%20galletas\u00bb][vc_empty_space][\/vc_column_inner][\/vc_row_inner][vc_row_inner wrap_container=\u00bbyes\u00bb equal_height=\u00bbyes\u00bb][vc_column_inner width=\u00bb1\/3&#8243;][vc_custom_heading text=\u00bbSEPARADOR DE CARTON COMPACTO\u00bb font_container=\u00bbtag:h3|font_size:1.8em|text_align:center|color:var(&#8211;porto-primary-color)|line_height:42px\u00bb use_theme_fonts=\u00bbyes\u00bb css=\u00bb.vc_custom_1727101805479{margin-bottom: 0px !important;}\u00bb animation_delay=\u00bb200&#8243; el_class=\u00bbw-max-770 mx-auto mb-5&#8243; animation_type=\u00bbfadeInUp\u00bb]<div class=\"porto-sicon-box  vc_custom_1724178435559  wpb_custom_74c312c6382c672d88415152636ca045 style_1 left-icon\"><div class=\"porto-sicon-body\"><div class=\"porto-sicon-description\" style=\"color:#ffffff;\">\n<p style=\"text-align: justify;\">Ideal para separar y proteger productos, el intercalario de cart\u00f3n compacto es una soluci\u00f3n robusta y fiable para entornos industriales exigentes.<\/p>\n<p><\/div> <!-- description --><\/div><\/div><!-- porto-sicon-box -->[vc_btn title=\u00bbAprender m\u00e1s\u00bb style=\u00bb3d\u00bb shape=\u00bbsquare\u00bb color=\u00bbwhite\u00bb align=\u00bbcenter\u00bb css=\u00bb.vc_custom_1727102154224{margin-bottom: 0px !important;}\u00bb skin=\u00bbsecondary\u00bb link=\u00bburl:https%3A%2F%2Fwww.amielpaper.com%2Fes%2Fsector-industrial-y-agroalimentario%2Fseparador-de-carton-compacto%2F|title:Separador%20de%20cart%C3%B3n%20compacto\u00bb][vc_empty_space][\/vc_column_inner][vc_column_inner width=\u00bb1\/3&#8243;][vc_custom_heading text=\u00bbPROTECCIONES DE CARTON 100%\u00bb font_container=\u00bbtag:h3|font_size:1.8em|text_align:center|color:var(&#8211;porto-primary-color)|line_height:42px\u00bb use_theme_fonts=\u00bbyes\u00bb css=\u00bb.vc_custom_1727102233745{margin-bottom: 0px !important;}\u00bb animation_delay=\u00bb200&#8243; el_class=\u00bbw-max-770 mx-auto mb-5&#8243; animation_type=\u00bbfadeInUp\u00bb]<div class=\"porto-sicon-box  vc_custom_1724178456074  wpb_custom_74c312c6382c672d88415152636ca045 style_1 left-icon\"><div class=\"porto-sicon-body\"><div class=\"porto-sicon-description\" style=\"color:#ffffff;\">\n<p style=\"text-align: justify;\">Nuestros esquineros hechos de cart\u00f3n 100% reciclado ofrecen protecci\u00f3n para los bordes y esquinas de sus productos, asegurando su integridad durante el transporte y almacenamiento.<\/p>\n<p><\/div> <!-- description --><\/div><\/div><!-- porto-sicon-box -->[vc_btn title=\u00bbAprender m\u00e1s\u00bb style=\u00bb3d\u00bb shape=\u00bbsquare\u00bb color=\u00bbwhite\u00bb align=\u00bbcenter\u00bb css=\u00bb.vc_custom_1727102239465{margin-bottom: 0px !important;}\u00bb skin=\u00bbsecondary\u00bb link=\u00bburl:https%3A%2F%2Fwww.amielpaper.com%2Fes%2Fsector-industrial-y-agroalimentario%2Fprotecciones-de-carton%2F|title:Protecciones%20de%20cart%C3%B3n%20100%25&#8243;][vc_empty_space][\/vc_column_inner][vc_column_inner width=\u00bb1\/3&#8243;][vc_custom_heading text=\u00bbALMOHADILLAS\u00bb font_container=\u00bbtag:h3|font_size:1.8em|text_align:center|color:var(&#8211;porto-primary-color)|line_height:42px\u00bb use_theme_fonts=\u00bbyes\u00bb css=\u00bb.vc_custom_1724753067332{margin-bottom: 0px !important;}\u00bb animation_delay=\u00bb200&#8243; el_class=\u00bbw-max-770 mx-auto mb-5&#8243; animation_type=\u00bbfadeInUp\u00bb]<div class=\"porto-sicon-box  vc_custom_1724753080916  wpb_custom_74c312c6382c672d88415152636ca045 style_1 left-icon\"><div class=\"porto-sicon-body\"><div class=\"porto-sicon-description\" style=\"color:#ffffff;\">\n<p style=\"text-align: justify;\">Los almohadillas ofrecen una protecci\u00f3n adicional para sus productos fr\u00e1giles y valiosos. Perfectos para el sector del comercio electr\u00f3nico, aseguran que sus art\u00edculos lleguen en perfecto estado a sus clientes.<\/p>\n<p><\/div> <!-- description --><\/div><\/div><!-- porto-sicon-box -->[vc_btn title=\u00bbAprender m\u00e1s\u00bb style=\u00bb3d\u00bb shape=\u00bbsquare\u00bb color=\u00bbwhite\u00bb align=\u00bbcenter\u00bb css=\u00bb.vc_custom_1727102273194{margin-bottom: 0px !important;}\u00bb skin=\u00bbsecondary\u00bb link=\u00bburl:https%3A%2F%2Fwww.amielpaper.com%2Fes%2Fsector-de-comercio-electronico-lujo-y-moda%2Falmohadillas%2F|title:Almohadillas\u00bb][vc_empty_space][\/vc_column_inner][\/vc_row_inner][vc_row_inner wrap_container=\u00bbyes\u00bb equal_height=\u00bbyes\u00bb][vc_column_inner width=\u00bb1\/3&#8243;][vc_custom_heading text=\u00bbCINTAS CREPADAS PARA LA COSTURA DE BOLSAS INDUSTRIALES\u00bb font_container=\u00bbtag:h3|font_size:1.8em|text_align:center|color:var(&#8211;porto-primary-color)|line_height:42px\u00bb use_theme_fonts=\u00bbyes\u00bb css=\u00bb.vc_custom_1724683828637{margin-bottom: 0px !important;}\u00bb animation_delay=\u00bb200&#8243; el_class=\u00bbw-max-770 mx-auto mb-5&#8243; animation_type=\u00bbfadeInUp\u00bb]<div class=\"porto-sicon-box  vc_custom_1724178475863  wpb_custom_74c312c6382c672d88415152636ca045 style_1 left-icon\"><div class=\"porto-sicon-body\"><div class=\"porto-sicon-description\" style=\"color:#ffffff;\">\n<p style=\"text-align: justify;\">La cinta crep\u00e9 es ideal para cerrar bolsas de manera segura. Ofrece una adhesi\u00f3n fuerte y confiable, garantizando que el contenido permanezca en su lugar durante el transporte.<\/p>\n<p><\/div> <!-- description --><\/div><\/div><!-- porto-sicon-box -->[vc_btn title=\u00bbAprender m\u00e1s\u00bb style=\u00bb3d\u00bb shape=\u00bbsquare\u00bb color=\u00bbwhite\u00bb align=\u00bbcenter\u00bb css=\u00bb.vc_custom_1727102288207{margin-bottom: 0px !important;}\u00bb skin=\u00bbsecondary\u00bb link=\u00bburl:https%3A%2F%2Fwww.amielpaper.com%2Fes%2Fsector-industrial-y-agroalimentario%2Fcintas-crepadas-para-la-costura-de-bolsas-industriales%2F|title:Cintas%20crepadas%20para%20la%20costura%20de%20bolsas%20industriales\u00bb][vc_empty_space][\/vc_column_inner][vc_column_inner width=\u00bb1\/3&#8243;][vc_custom_heading text=\u00bbEL PAPEL CREPE\u00bb font_container=\u00bbtag:h3|font_size:1.8em|text_align:center|color:var(&#8211;porto-primary-color)|line_height:42px\u00bb use_theme_fonts=\u00bbyes\u00bb css=\u00bb.vc_custom_1724752869683{margin-bottom: 0px !important;}\u00bb animation_delay=\u00bb200&#8243; el_class=\u00bbw-max-770 mx-auto mb-5&#8243; animation_type=\u00bbfadeInUp\u00bb]<div class=\"porto-sicon-box  vc_custom_1724752972851  wpb_custom_74c312c6382c672d88415152636ca045 style_1 left-icon\"><div class=\"porto-sicon-body\"><div class=\"porto-sicon-description\" style=\"color:#ffffff;\">\n<p style=\"text-align: justify;\">Soluci\u00f3n ideal para las necesidades exigentes de embalaje. Combinando flexibilidad, resistencia y protecci\u00f3n, se adapta perfectamente a diversas formas y tama\u00f1os, garantizando una costura de bolsas eficiente y segura.<\/p>\n<p><\/div> <!-- description --><\/div><\/div><!-- porto-sicon-box -->[vc_btn title=\u00bbAprender m\u00e1s\u00bb style=\u00bb3d\u00bb shape=\u00bbsquare\u00bb color=\u00bbwhite\u00bb align=\u00bbcenter\u00bb css=\u00bb.vc_custom_1727102297087{margin-bottom: 0px !important;}\u00bb skin=\u00bbsecondary\u00bb link=\u00bburl:https%3A%2F%2Fwww.amielpaper.com%2Fes%2Fsector-industrial-y-agroalimentario%2Fpapel-crepe%2F|title:El%20papel%20crep%C3%A9&#8243;][vc_empty_space][\/vc_column_inner][vc_column_inner width=\u00bb1\/3&#8243;][vc_custom_heading text=\u00bbACOLCHADO UNIVERSAL\u00bb font_container=\u00bbtag:h3|font_size:1.8em|text_align:center|color:var(&#8211;porto-primary-color)|line_height:42px\u00bb use_theme_fonts=\u00bbyes\u00bb css=\u00bb.vc_custom_1724178487834{margin-bottom: 0px !important;}\u00bb animation_delay=\u00bb200&#8243; el_class=\u00bbw-max-770 mx-auto mb-5&#8243; animation_type=\u00bbfadeInUp\u00bb]<div class=\"porto-sicon-box  vc_custom_1724178501343  wpb_custom_74c312c6382c672d88415152636ca045 style_1 left-icon\"><div class=\"porto-sicon-body\"><div class=\"porto-sicon-description\" style=\"color:#ffffff;\">\n<p style=\"text-align: justify;\">Nuestra soluci\u00f3n de acolchado universal es vers\u00e1til y se adapta a una variedad de aplicaciones para proteger sus productos contra golpes y vibraciones.<\/p>\n<p><\/div> <!-- description --><\/div><\/div><!-- porto-sicon-box -->[vc_btn title=\u00bbAprender m\u00e1s\u00bb style=\u00bb3d\u00bb shape=\u00bbsquare\u00bb color=\u00bbwhite\u00bb align=\u00bbcenter\u00bb css=\u00bb.vc_custom_1727102310625{margin-bottom: 0px !important;}\u00bb skin=\u00bbsecondary\u00bb link=\u00bburl:https%3A%2F%2Fwww.amielpaper.com%2Fes%2Fsector-industrial-y-agroalimentario%2Facolchado-universal%2F|title:Acolchado%20universal\u00bb][vc_empty_space][\/vc_column_inner][\/vc_row_inner][vc_row_inner wrap_container=\u00bbyes\u00bb equal_height=\u00bbyes\u00bb][vc_column_inner width=\u00bb1\/3&#8243;][vc_custom_heading text=\u00bbFUNDAS CARBION\u00bb font_container=\u00bbtag:h3|font_size:1.8em|text_align:center|color:var(&#8211;porto-primary-color)|line_height:42px\u00bb use_theme_fonts=\u00bbyes\u00bb css=\u00bb.vc_custom_1727084060383{margin-bottom: 0px !important;}\u00bb animation_delay=\u00bb200&#8243; el_class=\u00bbw-max-770 mx-auto mb-5&#8243; animation_type=\u00bbfadeInUp\u00bb]<div class=\"porto-sicon-box  vc_custom_1727084074941  wpb_custom_74c312c6382c672d88415152636ca045 style_1 left-icon\"><div class=\"porto-sicon-body\"><div class=\"porto-sicon-description\" style=\"color:#ffffff;\">\n<p style=\"text-align: justify;\">Soluci\u00f3n ecol\u00f3gica y eficiente para sus necesidades industriales y vitivin\u00edcolas. Fabricadas con materiales 100% reciclados, estas fundas ofrecen una protecci\u00f3n duradera respetando el medio ambiente.<\/p>\n<p><\/div> <!-- description --><\/div><\/div><!-- porto-sicon-box -->[vc_btn title=\u00bbAprender m\u00e1s\u00bb style=\u00bb3d\u00bb shape=\u00bbsquare\u00bb color=\u00bbwhite\u00bb align=\u00bbcenter\u00bb css=\u00bb.vc_custom_1727102321128{margin-bottom: 0px !important;}\u00bb skin=\u00bbsecondary\u00bb link=\u00bburl:https%3A%2F%2Fwww.amielpaper.com%2Fes%2Fsector-industrial-y-agroalimentario%2Ffundas-carbion%2F|title:Fundas%20carbion\u00bb][\/vc_column_inner][vc_column_inner width=\u00bb1\/3&#8243;][\/vc_column_inner][vc_column_inner width=\u00bb1\/3&#8243;][\/vc_column_inner][\/vc_row_inner][\/vc_column][\/vc_row][vc_row wrap_container=\u00bbyes\u00bb el_class=\u00bbcall-to-action-in-footer\u00bb css=\u00bb.vc_custom_1722362602258{padding-top: 100px !important;padding-bottom: 100px !important;background-color: #f7f7f7 !important;}\u00bb conditional_render=\u00bb%5B%7B%22value_role%22%3A%22administrator%22%7D%5D\u00bb][vc_column css=\u00bb.vc_custom_1722501474043{background-color: var(&#8211;porto-primary-color) !important;}\u00bb conditional_render=\u00bb%5B%7B%22value_role%22%3A%22administrator%22%7D%5D\u00bb][vc_cta h2=\u00bbLe ofrecemos soluciones de papel innovadoras y sostenibles.\u00bb h2_font_container=\u00bbtag:p|font_size:25px|text_align:center|color:var(&#8211;porto-primary-color)|line_height:1.5em\u00bb h2_google_fonts=\u00bbfont_family:ABeeZee%3Aregular%2Citalic|font_style:400%20regular%3A400%3Anormal\u00bb txt_align=\u00bbcenter\u00bb shape=\u00bbsquare\u00bb style=\u00bbflat\u00bb color=\u00bbwhite\u00bb add_button=\u00bbright\u00bb btn_title=\u00bbCont\u00e1ctenos\u00bb btn_style=\u00bbmodern\u00bb btn_color=\u00bbprimary\u00bb btn_size=\u00bblg\u00bb btn_align=\u00bbcenter\u00bb btn_skin=\u00bbsecondary\u00bb btn_show_arrow=\u00bbyes\u00bb css=\u00bb.vc_custom_1724178740104{background-color: #f7f7f7 !important;}\u00bb use_custom_fonts_h2=\u00bbtrue\u00bb btn_el_class=\u00bbbtn-call-to-action\u00bb el_class=\u00bbmb-0&#8243; btn_link=\u00bburl:https%3A%2F%2Fwww.amielpaper.com%2Fes%2Fcontacta-con-nosotros%2F|title:Contactez-nous\u00bb]Cont\u00e1ctenos para obtener m\u00e1s informaci\u00f3n sobre nuestros productos y c\u00f3mo pueden satisfacer sus necesidades espec\u00edficas.[\/vc_cta][\/vc_column][\/vc_row]<\/p>\n<\/div>","protected":false},"excerpt":{"rendered":"<p>[vc_row wrap_container=\u00bbyes\u00bb particles_effect=\u00bbyes\u00bb particles_hover_effect=\u00bbbubble\u00bb particles_click_effect=\u00bbrepulse\u00bb css=\u00bb.vc_custom_1722498701849{background-color: #ffffff !important;}\u00bb conditional_render=\u00bb%5B%7B%22value_role%22%3A%22administrator%22%7D%5D\u00bb particles_img=\u00bb15&#8243; el_class=\u00bbpy-5&#8243;][vc_column el_id=\u00bbparticles-row\u00bb conditional_render=\u00bb%5B%7B%22value_role%22%3A%22administrator%22%7D%5D\u00bb][vc_custom_heading text=\u00bbSoluciones ecol\u00f3gicas y reciclables\u00bb font_container=\u00bbtag:p|font_size:1.2em|text_align:center|color:var(&#8211;porto-primary-color)\u00bb use_theme_fonts=\u00bbyes\u00bb css=\u00bb.vc_custom_1724178126381{margin-bottom: -3px !important;}\u00bb font_weight=\u00bb600&#8243; letter_spacing=\u00bb2.5px\u00bb animation_delay=\u00bb100&#8243; animation_type=\u00bbfadeInUp\u00bb][vc_custom_heading text=\u00bbDescubra nuestra gama completa de papeles adaptados a sus aplicaciones industriales y agr\u00edcolas.\u00bb font_container=\u00bbtag:h2|font_size:2.3em|text_align:center|color:%23000000|line_height:42px\u00bb use_theme_fonts=\u00bbyes\u00bb css=\u00bb.vc_custom_1724178158083{margin-bottom: 0px !important;}\u00bb animation_delay=\u00bb200&#8243; el_class=\u00bbw-max-770 mx-auto mb-5&#8243; animation_type=\u00bbfadeInUp\u00bb][vc_empty_space][vc_custom_heading text=\u00bbDescubra nuestra gama completa de papeles [&hellip;]<\/p>\n","protected":false},"author":1,"featured_media":0,"parent":0,"menu_order":0,"comment_status":"closed","ping_status":"closed","template":"","meta":{"footnotes":""},"class_list":["post-6210","page","type-page","status-publish","hentry"],"yoast_head":"<!-- This site is optimized with the Yoast SEO plugin v26.3 - https:\/\/yoast.com\/wordpress\/plugins\/seo\/ -->\n<title>Sector industrial y agroalimentario - AMIELPAPER<\/title>\n<meta name=\"robots\" content=\"index, follow, max-snippet:-1, max-image-preview:large, max-video-preview:-1\" \/>\n<link rel=\"canonical\" href=\"https:\/\/www.amielpaper.com\/es\/sector-industrial-y-agroalimentario\/\" \/>\n<script type=\"application\/ld+json\" class=\"yoast-schema-graph\">{\"@context\":\"https:\/\/schema.org\",\"@graph\":[{\"@type\":\"WebPage\",\"@id\":\"https:\/\/www.amielpaper.com\/es\/sector-industrial-y-agroalimentario\/\",\"url\":\"https:\/\/www.amielpaper.com\/es\/sector-industrial-y-agroalimentario\/\",\"name\":\"Sector industrial y agroalimentario - AMIELPAPER\",\"isPartOf\":{\"@id\":\"https:\/\/www.amielpaper.com\/es\/#website\"},\"datePublished\":\"2024-07-28T15:32:56+00:00\",\"dateModified\":\"2024-09-23T14:38:43+00:00\",\"breadcrumb\":{\"@id\":\"https:\/\/www.amielpaper.com\/es\/sector-industrial-y-agroalimentario\/#breadcrumb\"},\"inLanguage\":\"es\",\"potentialAction\":[{\"@type\":\"ReadAction\",\"target\":[\"https:\/\/www.amielpaper.com\/es\/sector-industrial-y-agroalimentario\/\"]}]},{\"@type\":\"BreadcrumbList\",\"@id\":\"https:\/\/www.amielpaper.com\/es\/sector-industrial-y-agroalimentario\/#breadcrumb\",\"itemListElement\":[{\"@type\":\"ListItem\",\"position\":1,\"name\":\"Accueil\",\"item\":\"https:\/\/www.amielpaper.com\/es\/\"},{\"@type\":\"ListItem\",\"position\":2,\"name\":\"Sector industrial y agroalimentario\"}]},{\"@type\":\"WebSite\",\"@id\":\"https:\/\/www.amielpaper.com\/es\/#website\",\"url\":\"https:\/\/www.amielpaper.com\/es\/\",\"name\":\"amielpaper\",\"description\":\"Caler, prot\u00e9ger et palettiser c&#039;est notre m\u00e9tier\",\"publisher\":{\"@id\":\"https:\/\/www.amielpaper.com\/es\/#organization\"},\"alternateName\":\"amielpaper\",\"potentialAction\":[{\"@type\":\"SearchAction\",\"target\":{\"@type\":\"EntryPoint\",\"urlTemplate\":\"https:\/\/www.amielpaper.com\/es\/?s={search_term_string}\"},\"query-input\":{\"@type\":\"PropertyValueSpecification\",\"valueRequired\":true,\"valueName\":\"search_term_string\"}}],\"inLanguage\":\"es\"},{\"@type\":\"Organization\",\"@id\":\"https:\/\/www.amielpaper.com\/es\/#organization\",\"name\":\"amielpaper\",\"alternateName\":\"amielpaper\",\"url\":\"https:\/\/www.amielpaper.com\/es\/\",\"logo\":{\"@type\":\"ImageObject\",\"inLanguage\":\"es\",\"@id\":\"https:\/\/www.amielpaper.com\/es\/#\/schema\/logo\/image\/\",\"url\":\"https:\/\/www.amielpaper.com\/wp-content\/uploads\/2025\/01\/amielpaper-Logo-1.png\",\"contentUrl\":\"https:\/\/www.amielpaper.com\/wp-content\/uploads\/2025\/01\/amielpaper-Logo-1.png\",\"width\":375,\"height\":375,\"caption\":\"amielpaper\"},\"image\":{\"@id\":\"https:\/\/www.amielpaper.com\/es\/#\/schema\/logo\/image\/\"},\"sameAs\":[\"https:\/\/fr.linkedin.com\/in\/florent-amiel-889274208\"]}]}<\/script>\n<!-- \/ Yoast SEO plugin. -->","yoast_head_json":{"title":"Sector industrial y agroalimentario - AMIELPAPER","robots":{"index":"index","follow":"follow","max-snippet":"max-snippet:-1","max-image-preview":"max-image-preview:large","max-video-preview":"max-video-preview:-1"},"canonical":"https:\/\/www.amielpaper.com\/es\/sector-industrial-y-agroalimentario\/","schema":{"@context":"https:\/\/schema.org","@graph":[{"@type":"WebPage","@id":"https:\/\/www.amielpaper.com\/es\/sector-industrial-y-agroalimentario\/","url":"https:\/\/www.amielpaper.com\/es\/sector-industrial-y-agroalimentario\/","name":"Sector industrial y agroalimentario - AMIELPAPER","isPartOf":{"@id":"https:\/\/www.amielpaper.com\/es\/#website"},"datePublished":"2024-07-28T15:32:56+00:00","dateModified":"2024-09-23T14:38:43+00:00","breadcrumb":{"@id":"https:\/\/www.amielpaper.com\/es\/sector-industrial-y-agroalimentario\/#breadcrumb"},"inLanguage":"es","potentialAction":[{"@type":"ReadAction","target":["https:\/\/www.amielpaper.com\/es\/sector-industrial-y-agroalimentario\/"]}]},{"@type":"BreadcrumbList","@id":"https:\/\/www.amielpaper.com\/es\/sector-industrial-y-agroalimentario\/#breadcrumb","itemListElement":[{"@type":"ListItem","position":1,"name":"Accueil","item":"https:\/\/www.amielpaper.com\/es\/"},{"@type":"ListItem","position":2,"name":"Sector industrial y agroalimentario"}]},{"@type":"WebSite","@id":"https:\/\/www.amielpaper.com\/es\/#website","url":"https:\/\/www.amielpaper.com\/es\/","name":"amielpaper","description":"Caler, prot\u00e9ger et palettiser c&#039;est notre m\u00e9tier","publisher":{"@id":"https:\/\/www.amielpaper.com\/es\/#organization"},"alternateName":"amielpaper","potentialAction":[{"@type":"SearchAction","target":{"@type":"EntryPoint","urlTemplate":"https:\/\/www.amielpaper.com\/es\/?s={search_term_string}"},"query-input":{"@type":"PropertyValueSpecification","valueRequired":true,"valueName":"search_term_string"}}],"inLanguage":"es"},{"@type":"Organization","@id":"https:\/\/www.amielpaper.com\/es\/#organization","name":"amielpaper","alternateName":"amielpaper","url":"https:\/\/www.amielpaper.com\/es\/","logo":{"@type":"ImageObject","inLanguage":"es","@id":"https:\/\/www.amielpaper.com\/es\/#\/schema\/logo\/image\/","url":"https:\/\/www.amielpaper.com\/wp-content\/uploads\/2025\/01\/amielpaper-Logo-1.png","contentUrl":"https:\/\/www.amielpaper.com\/wp-content\/uploads\/2025\/01\/amielpaper-Logo-1.png","width":375,"height":375,"caption":"amielpaper"},"image":{"@id":"https:\/\/www.amielpaper.com\/es\/#\/schema\/logo\/image\/"},"sameAs":["https:\/\/fr.linkedin.com\/in\/florent-amiel-889274208"]}]}},"_links":{"self":[{"href":"https:\/\/www.amielpaper.com\/es\/wp-json\/wp\/v2\/pages\/6210","targetHints":{"allow":["GET"]}}],"collection":[{"href":"https:\/\/www.amielpaper.com\/es\/wp-json\/wp\/v2\/pages"}],"about":[{"href":"https:\/\/www.amielpaper.com\/es\/wp-json\/wp\/v2\/types\/page"}],"author":[{"embeddable":true,"href":"https:\/\/www.amielpaper.com\/es\/wp-json\/wp\/v2\/users\/1"}],"replies":[{"embeddable":true,"href":"https:\/\/www.amielpaper.com\/es\/wp-json\/wp\/v2\/comments?post=6210"}],"version-history":[{"count":16,"href":"https:\/\/www.amielpaper.com\/es\/wp-json\/wp\/v2\/pages\/6210\/revisions"}],"predecessor-version":[{"id":7146,"href":"https:\/\/www.amielpaper.com\/es\/wp-json\/wp\/v2\/pages\/6210\/revisions\/7146"}],"wp:attachment":[{"href":"https:\/\/www.amielpaper.com\/es\/wp-json\/wp\/v2\/media?parent=6210"}],"curies":[{"name":"wp","href":"https:\/\/api.w.org\/{rel}","templated":true}]}}